{"id":3870,"date":"2023-10-11T18:39:10","date_gmt":"2023-10-11T18:39:10","guid":{"rendered":"https:\/\/curlingpro.ca\/year-1-curriculum-associate-pro\/"},"modified":"2025-06-02T19:01:36","modified_gmt":"2025-06-02T19:01:36","slug":"programme-de-la-1ere-annee-professionnel-associe","status":"publish","type":"page","link":"http:\/\/curlingpro.ca\/fr\/programme-de-la-1ere-annee-professionnel-associe\/","title":{"rendered":"Programme de la 1\u00e8re ann\u00e9e (professionnel associ\u00e9)"},"content":{"rendered":"<div class=\"wpb-content-wrapper\"><p>[vc_row row_content_width=\u00a0\u00bbgrid\u00a0\u00bb][vc_column][vc_empty_space height=\u00a0\u00bb50px\u00a0\u00bb]<div class=\"eltdf-accordion-holder eltdf-ac-default  eltdf-toggle eltdf-ac-boxed  clearfix\">\n\t<h5 class=\"eltdf-accordion-title\">\n\t<span class=\"eltdf-tab-title\">Cours en ligne (juin et juillet)<\/span>\n<\/h5>\n<div class=\"eltdf-accordion-content\">\n\t<div class=\"eltdf-accordion-content-inner\">\n\t\t[vc_column_text css=\u00a0\u00bb\u00a0\u00bb]<b>L&rsquo;APC et le DLTC\u00a0<\/b><\/p>\n<p><span style=\"font-weight: 400;\">Ce cours d\u00e9bute par un aper\u00e7u de l&rsquo;APC, y compris son objectif, sa structure et ses exigences en mati\u00e8re d&rsquo;accr\u00e9ditation. Les candidats d\u00e9couvriront ensuite le mod\u00e8le de d\u00e9veloppement \u00e0 long terme du curleur (DLTC) de Curling Canada et ses lignes directrices \u00e9tape par \u00e9tape.<\/span><span style=\"font-weight: 400;\">\u00a0Instructeur : Rob Krepps.<\/span><\/p>\n<p>&nbsp;<\/p>\n<p><b>Le curling, nos affaires<\/b><\/p>\n<p><span style=\"font-weight: 400;\">Au d\u00e9but de ce cours, on explique que les clubs de curling doivent adopter une approche commerciale pour conna\u00eetre du succ\u00e8s dans le march\u00e9 en constante \u00e9volution d&rsquo;aujourd&rsquo;hui. Les candidats seront ensuite initi\u00e9s \u00e0 des sujets cl\u00e9s tels que le marketing, l&rsquo;exploitation, les finances et la gouvernance. <\/span><span style=\"font-weight: 400;\">Instructeur : Bobby Ray.<\/span><\/p>\n<p>&nbsp;<\/p>\n<p><b>D\u00e9veloppement technique 1<\/b><\/p>\n<p><span style=\"font-weight: 400;\">Ce cours couvre les informations essentielles en mati\u00e8re de lancer et de balayage que tous les professionnels de l&rsquo;APC doivent conna\u00eetre. Les candidats acquerront les comp\u00e9tences techniques n\u00e9cessaires pour soutenir leur enseignement aupr\u00e8s des curleurs d\u00e9butant \u00e0 interm\u00e9diaire.<\/span><span style=\"font-weight: 400;\"> Instructeur : Rob Krepps.<\/span><\/p>\n<p>&nbsp;<\/p>\n<p><b>D\u00e9veloppement tactique 1<\/b><\/p>\n<p><span style=\"font-weight: 400;\">Ce cours couvre les informations strat\u00e9giques et tactiques essentielles que tous les professionnels de l&rsquo;APC doivent comprendre. Les candidats acquerront les comp\u00e9tences tactiques n\u00e9cessaires pour soutenir leur enseignement aupr\u00e8s des curleurs de niveau d\u00e9butant \u00e0 interm\u00e9diaire<\/span><span style=\"font-weight: 400;\">. Instructeur : Rob Krepps.<\/span><\/p>\n<p>&nbsp;<\/p>\n<p><b>Enseignement et apprentissage PNCE (septembre)\u00a0<\/b><\/p>\n<p><span style=\"font-weight: 400;\">Ce cours couvre du contenu essentiel du PNCE qui pr\u00e9pare les entra\u00eeneurs \u00e0 mieux soutenir leurs curleurs pendant l&rsquo;entra\u00eenement\/ Les candidats apprendront \u00e0 mettre en \u0153uvre une s\u00e9ance d&rsquo;entra\u00eenement structur\u00e9e de mani\u00e8re appropri\u00e9e et \u00e0 faire des interventions favorisant l&rsquo;apprentissage et le d\u00e9veloppement. Instructrice: Karen Watson<\/span>[\/vc_column_text]\t<\/div>\n<\/div><h5 class=\"eltdf-accordion-title\">\n\t<span class=\"eltdf-tab-title\">Formation en personne (ao\u00fbt)<\/span>\n<\/h5>\n<div class=\"eltdf-accordion-content\">\n\t<div class=\"eltdf-accordion-content-inner\">\n\t\t[vc_column_text css=\u00a0\u00bb\u00a0\u00bb]<b>Camp de formation pour professionnels associ\u00e9s\u00a0\u00a0<\/b><\/p>\n<p><span style=\"font-weight: 400;\">Cette fin de semaine de formation de trois offre aux candidats l&rsquo;occasion d&rsquo;apprendre aupr\u00e8s d&rsquo;un groupe de ma\u00eetres professionnels exp\u00e9riment\u00e9s de l&rsquo;APC. Les candidats b\u00e9n\u00e9ficieront d&rsquo;exp\u00e9riences d&rsquo;apprentissage sur la glace et en classe. Instructeurs: Rob Krepps et Bobby Ray, ma\u00eetres professionnels de l&rsquo;APC\u00a0<\/span><\/p>\n<p>&nbsp;<\/p>\n<p><b>Programmation du club 1<\/b><\/p>\n<p><span style=\"font-weight: 400;\">Ce cours est dispens\u00e9 lors de notre fin de semaine de formation pour professionnels associ\u00e9s. Les candidats seront initi\u00e9s aux principes cl\u00e9s de la programmation, ainsi qu&rsquo;aux pratiques exemplaires correspondantes pour les \u00e9tapes fondamentales et le parcours r\u00e9cr\u00e9atif. Instructeurs: Bobby Ray et Rob Krepps<\/span>[\/vc_column_text]\t<\/div>\n<\/div><h5 class=\"eltdf-accordion-title\">\n\t<span class=\"eltdf-tab-title\">\u00c9valuation en ligne<\/span>\n<\/h5>\n<div class=\"eltdf-accordion-content\">\n\t<div class=\"eltdf-accordion-content-inner\">\n\t\t[vc_column_text css=\u00a0\u00bb\u00a0\u00bb]<b>Projet de portfolio 1\u00a0<\/b><\/p>\n<p><span style=\"font-weight: 400;\">Ce projet exige des candidats qu&rsquo;ils documentent les principaux enseignements et les applications attendues de l&rsquo;ensemble de la formation pour professionnels associ\u00e9s dans un portfolio d&rsquo;apprentissage en ligne. Le portfolio d&rsquo;apprentissage de chaque candidat est ensuite examin\u00e9 par son mentor professionnel et le bureau national.\u00a0<\/span><\/p>\n<p>&nbsp;<\/p>\n<p><b>Test PDE du PNCE<\/b><\/p>\n<p><span style=\"font-weight: 400;\">Le test Prise de d\u00e9cisions \u00e9thiques (PDE) est une exigence de l&rsquo;Association canadienne des entra\u00eeneurs (ACE) et de l&rsquo;APC. Le test PDE confirme que les entra\u00eeneurs sont parfaitement \u00e9quip\u00e9s pour g\u00e9rer les situations \u00e9thiques qui surviennent dans le sport. Le co\u00fbt de cette \u00e9valuation en ligne est de 85 $.<\/span>[\/vc_column_text]\t<\/div>\n<\/div><\/div>[vc_empty_space height=\u00a0\u00bb50px\u00a0\u00bb][\/vc_column][\/vc_row]<\/p>\n<\/div>","protected":false},"excerpt":{"rendered":"<p>[vc_row row_content_width=\u00a0\u00bbgrid\u00a0\u00bb][vc_column][vc_empty_space height=\u00a0\u00bb50px\u00a0\u00bb][vc_empty_space height=\u00a0\u00bb50px\u00a0\u00bb][\/vc_column][\/vc_row]<\/p>\n","protected":false},"author":1,"featured_media":0,"parent":0,"menu_order":0,"comment_status":"closed","ping_status":"closed","template":"full-width.php","meta":{"_bbp_topic_count":0,"_bbp_reply_count":0,"_bbp_total_topic_count":0,"_bbp_total_reply_count":0,"_bbp_voice_count":0,"_bbp_anonymous_reply_count":0,"_bbp_topic_count_hidden":0,"_bbp_reply_count_hidden":0,"_bbp_forum_subforum_count":0,"footnotes":""},"class_list":["post-3870","page","type-page","status-publish","hentry"],"yoast_head":"<!-- This site is optimized with the Yoast SEO plugin v27.2 - https:\/\/yoast.com\/product\/yoast-seo-wordpress\/ -->\n<title>Programme de la 1\u00e8re ann\u00e9e (professionnel associ\u00e9) - Curling Pro<\/title>\n<meta name=\"robots\" content=\"index, follow, max-snippet:-1, max-image-preview:large, max-video-preview:-1\" \/>\n<link rel=\"canonical\" href=\"http:\/\/curlingpro.ca\/fr\/programme-de-la-1ere-annee-professionnel-associe\/\" \/>\n<meta property=\"og:locale\" content=\"fr_FR\" \/>\n<meta property=\"og:type\" content=\"article\" \/>\n<meta property=\"og:title\" content=\"Programme de la 1\u00e8re ann\u00e9e (professionnel associ\u00e9) - Curling Pro\" \/>\n<meta property=\"og:description\" content=\"[vc_row row_content_width=\u00a0\u00bbgrid\u00a0\u00bb][vc_column][vc_empty_space height=\u00a0\u00bb50px\u00a0\u00bb][vc_empty_space height=\u00a0\u00bb50px\u00a0\u00bb][\/vc_column][\/vc_row]\" \/>\n<meta property=\"og:url\" content=\"http:\/\/curlingpro.ca\/fr\/programme-de-la-1ere-annee-professionnel-associe\/\" \/>\n<meta property=\"og:site_name\" content=\"Curling Pro\" \/>\n<meta property=\"article:publisher\" content=\"https:\/\/www.facebook.com\/curlingcanada\/\" \/>\n<meta property=\"article:modified_time\" content=\"2025-06-02T19:01:36+00:00\" \/>\n<meta property=\"og:image\" content=\"http:\/\/curlingpro.ca\/wp-content\/uploads\/2024\/04\/home_hero-1200x628-1.jpg\" \/>\n\t<meta property=\"og:image:width\" content=\"1200\" \/>\n\t<meta property=\"og:image:height\" content=\"628\" \/>\n\t<meta property=\"og:image:type\" content=\"image\/jpeg\" \/>\n<meta name=\"twitter:card\" content=\"summary_large_image\" \/>\n<meta name=\"twitter:label1\" content=\"Dur\u00e9e de lecture estim\u00e9e\" \/>\n\t<meta name=\"twitter:data1\" content=\"3 minutes\" \/>\n<script type=\"application\/ld+json\" class=\"yoast-schema-graph\">{\"@context\":\"https:\/\/schema.org\",\"@graph\":[{\"@type\":\"WebPage\",\"@id\":\"http:\/\/curlingpro.ca\/fr\/programme-de-la-1ere-annee-professionnel-associe\/\",\"url\":\"http:\/\/curlingpro.ca\/fr\/programme-de-la-1ere-annee-professionnel-associe\/\",\"name\":\"Programme de la 1\u00e8re ann\u00e9e (professionnel associ\u00e9) - Curling Pro\",\"isPartOf\":{\"@id\":\"https:\/\/curlingpro.ca\/#website\"},\"datePublished\":\"2023-10-11T18:39:10+00:00\",\"dateModified\":\"2025-06-02T19:01:36+00:00\",\"breadcrumb\":{\"@id\":\"http:\/\/curlingpro.ca\/fr\/programme-de-la-1ere-annee-professionnel-associe\/#breadcrumb\"},\"inLanguage\":\"fr-FR\",\"potentialAction\":[{\"@type\":\"ReadAction\",\"target\":[\"http:\/\/curlingpro.ca\/fr\/programme-de-la-1ere-annee-professionnel-associe\/\"]}]},{\"@type\":\"BreadcrumbList\",\"@id\":\"http:\/\/curlingpro.ca\/fr\/programme-de-la-1ere-annee-professionnel-associe\/#breadcrumb\",\"itemListElement\":[{\"@type\":\"ListItem\",\"position\":1,\"name\":\"Home\",\"item\":\"https:\/\/curlingpro.ca\/fr\/\"},{\"@type\":\"ListItem\",\"position\":2,\"name\":\"Programme de la 1\u00e8re ann\u00e9e (professionnel associ\u00e9)\"}]},{\"@type\":\"WebSite\",\"@id\":\"https:\/\/curlingpro.ca\/#website\",\"url\":\"https:\/\/curlingpro.ca\/\",\"name\":\"Curling Pro\",\"description\":\"Experts who are dedicated to advancing our sport\",\"publisher\":{\"@id\":\"https:\/\/curlingpro.ca\/#organization\"},\"potentialAction\":[{\"@type\":\"SearchAction\",\"target\":{\"@type\":\"EntryPoint\",\"urlTemplate\":\"https:\/\/curlingpro.ca\/?s={search_term_string}\"},\"query-input\":{\"@type\":\"PropertyValueSpecification\",\"valueRequired\":true,\"valueName\":\"search_term_string\"}}],\"inLanguage\":\"fr-FR\"},{\"@type\":\"Organization\",\"@id\":\"https:\/\/curlingpro.ca\/#organization\",\"name\":\"Curling Pro\",\"url\":\"https:\/\/curlingpro.ca\/\",\"logo\":{\"@type\":\"ImageObject\",\"inLanguage\":\"fr-FR\",\"@id\":\"https:\/\/curlingpro.ca\/#\/schema\/logo\/image\/\",\"url\":\"https:\/\/curlingpro.ca\/wp-content\/uploads\/2023\/10\/CC-ACP-FRENCH-logo-keyline-23.png\",\"contentUrl\":\"https:\/\/curlingpro.ca\/wp-content\/uploads\/2023\/10\/CC-ACP-FRENCH-logo-keyline-23.png\",\"width\":1000,\"height\":1000,\"caption\":\"Curling Pro\"},\"image\":{\"@id\":\"https:\/\/curlingpro.ca\/#\/schema\/logo\/image\/\"},\"sameAs\":[\"https:\/\/www.facebook.com\/curlingcanada\/\",\"https:\/\/www.youtube.com\/curlingcanada\",\"https:\/\/www.instagram.com\/curlingcanada\/\"]}]}<\/script>\n<!-- \/ Yoast SEO plugin. -->","yoast_head_json":{"title":"Programme de la 1\u00e8re ann\u00e9e (professionnel associ\u00e9) - Curling Pro","robots":{"index":"index","follow":"follow","max-snippet":"max-snippet:-1","max-image-preview":"max-image-preview:large","max-video-preview":"max-video-preview:-1"},"canonical":"http:\/\/curlingpro.ca\/fr\/programme-de-la-1ere-annee-professionnel-associe\/","og_locale":"fr_FR","og_type":"article","og_title":"Programme de la 1\u00e8re ann\u00e9e (professionnel associ\u00e9) - Curling Pro","og_description":"[vc_row row_content_width=\u00a0\u00bbgrid\u00a0\u00bb][vc_column][vc_empty_space height=\u00a0\u00bb50px\u00a0\u00bb][vc_empty_space height=\u00a0\u00bb50px\u00a0\u00bb][\/vc_column][\/vc_row]","og_url":"http:\/\/curlingpro.ca\/fr\/programme-de-la-1ere-annee-professionnel-associe\/","og_site_name":"Curling Pro","article_publisher":"https:\/\/www.facebook.com\/curlingcanada\/","article_modified_time":"2025-06-02T19:01:36+00:00","og_image":[{"width":1200,"height":628,"url":"http:\/\/curlingpro.ca\/wp-content\/uploads\/2024\/04\/home_hero-1200x628-1.jpg","type":"image\/jpeg"}],"twitter_card":"summary_large_image","twitter_misc":{"Dur\u00e9e de lecture estim\u00e9e":"3 minutes"},"schema":{"@context":"https:\/\/schema.org","@graph":[{"@type":"WebPage","@id":"http:\/\/curlingpro.ca\/fr\/programme-de-la-1ere-annee-professionnel-associe\/","url":"http:\/\/curlingpro.ca\/fr\/programme-de-la-1ere-annee-professionnel-associe\/","name":"Programme de la 1\u00e8re ann\u00e9e (professionnel associ\u00e9) - Curling Pro","isPartOf":{"@id":"https:\/\/curlingpro.ca\/#website"},"datePublished":"2023-10-11T18:39:10+00:00","dateModified":"2025-06-02T19:01:36+00:00","breadcrumb":{"@id":"http:\/\/curlingpro.ca\/fr\/programme-de-la-1ere-annee-professionnel-associe\/#breadcrumb"},"inLanguage":"fr-FR","potentialAction":[{"@type":"ReadAction","target":["http:\/\/curlingpro.ca\/fr\/programme-de-la-1ere-annee-professionnel-associe\/"]}]},{"@type":"BreadcrumbList","@id":"http:\/\/curlingpro.ca\/fr\/programme-de-la-1ere-annee-professionnel-associe\/#breadcrumb","itemListElement":[{"@type":"ListItem","position":1,"name":"Home","item":"https:\/\/curlingpro.ca\/fr\/"},{"@type":"ListItem","position":2,"name":"Programme de la 1\u00e8re ann\u00e9e (professionnel associ\u00e9)"}]},{"@type":"WebSite","@id":"https:\/\/curlingpro.ca\/#website","url":"https:\/\/curlingpro.ca\/","name":"Curling Pro","description":"Experts who are dedicated to advancing our sport","publisher":{"@id":"https:\/\/curlingpro.ca\/#organization"},"potentialAction":[{"@type":"SearchAction","target":{"@type":"EntryPoint","urlTemplate":"https:\/\/curlingpro.ca\/?s={search_term_string}"},"query-input":{"@type":"PropertyValueSpecification","valueRequired":true,"valueName":"search_term_string"}}],"inLanguage":"fr-FR"},{"@type":"Organization","@id":"https:\/\/curlingpro.ca\/#organization","name":"Curling Pro","url":"https:\/\/curlingpro.ca\/","logo":{"@type":"ImageObject","inLanguage":"fr-FR","@id":"https:\/\/curlingpro.ca\/#\/schema\/logo\/image\/","url":"https:\/\/curlingpro.ca\/wp-content\/uploads\/2023\/10\/CC-ACP-FRENCH-logo-keyline-23.png","contentUrl":"https:\/\/curlingpro.ca\/wp-content\/uploads\/2023\/10\/CC-ACP-FRENCH-logo-keyline-23.png","width":1000,"height":1000,"caption":"Curling Pro"},"image":{"@id":"https:\/\/curlingpro.ca\/#\/schema\/logo\/image\/"},"sameAs":["https:\/\/www.facebook.com\/curlingcanada\/","https:\/\/www.youtube.com\/curlingcanada","https:\/\/www.instagram.com\/curlingcanada\/"]}]}},"_links":{"self":[{"href":"http:\/\/curlingpro.ca\/fr\/wp-json\/wp\/v2\/pages\/3870","targetHints":{"allow":["GET"]}}],"collection":[{"href":"http:\/\/curlingpro.ca\/fr\/wp-json\/wp\/v2\/pages"}],"about":[{"href":"http:\/\/curlingpro.ca\/fr\/wp-json\/wp\/v2\/types\/page"}],"author":[{"embeddable":true,"href":"http:\/\/curlingpro.ca\/fr\/wp-json\/wp\/v2\/users\/1"}],"replies":[{"embeddable":true,"href":"http:\/\/curlingpro.ca\/fr\/wp-json\/wp\/v2\/comments?post=3870"}],"version-history":[{"count":5,"href":"http:\/\/curlingpro.ca\/fr\/wp-json\/wp\/v2\/pages\/3870\/revisions"}],"predecessor-version":[{"id":4339,"href":"http:\/\/curlingpro.ca\/fr\/wp-json\/wp\/v2\/pages\/3870\/revisions\/4339"}],"wp:attachment":[{"href":"http:\/\/curlingpro.ca\/fr\/wp-json\/wp\/v2\/media?parent=3870"}],"curies":[{"name":"wp","href":"https:\/\/api.w.org\/{rel}","templated":true}]}}