{"id":3881,"date":"2023-10-11T18:50:23","date_gmt":"2023-10-11T18:50:23","guid":{"rendered":"https:\/\/curlingpro.ca\/year-2-curriculum-teaching-pro\/"},"modified":"2025-06-02T23:07:29","modified_gmt":"2025-06-02T23:07:29","slug":"programme-de-la-2e-annee-professionnel-de-lenseignement","status":"publish","type":"page","link":"http:\/\/curlingpro.ca\/fr\/programme-de-la-2e-annee-professionnel-de-lenseignement\/","title":{"rendered":"Programme de la 2e ann\u00e9e (professionnel de l\u2019enseignement)"},"content":{"rendered":"<div class=\"wpb-content-wrapper\"><p>[vc_row row_content_width=\u00a0\u00bbgrid\u00a0\u00bb][vc_column][vc_empty_space height=\u00a0\u00bb50px\u00a0\u00bb]<div class=\"eltdf-accordion-holder eltdf-ac-default  eltdf-toggle eltdf-ac-boxed  clearfix\">\n\t<h5 class=\"eltdf-accordion-title\">\n\t<span class=\"eltdf-tab-title\">Exp\u00e9rience de comp\u00e9tition<\/span>\n<\/h5>\n<div class=\"eltdf-accordion-content\">\n\t<div class=\"eltdf-accordion-content-inner\">\n\t\t[vc_column_text css=\u00a0\u00bb\u00a0\u00bb]<span style=\"font-weight: 400;\">Afin d&rsquo;avoir la cr\u00e9dibilit\u00e9 n\u00e9cessaire aupr\u00e8s des employeurs et des clients, les professionnels de l&rsquo;enseignement de l\u2019APC doivent avoir une exp\u00e9rience de comp\u00e9tition pertinente ou l&rsquo;\u00e9quivalent. Cela peut \u00eatre d\u00e9montr\u00e9 \u00e0 l&rsquo;aide de l&rsquo;un des parcours suivants<\/span><span style=\"font-weight: 400;\">\u00a0:<\/span><\/p>\n<p>&nbsp;<\/p>\n<table>\n<tbody>\n<tr>\n<td><b>Parcours 1<\/b><\/td>\n<td><span style=\"font-weight: 400;\">Le candidat a particip\u00e9 en tant que joueur <span style=\"text-decoration: underline;\">ou<\/span> entra\u00eeneur \u00e0 au moins un des <span style=\"text-decoration: underline;\">\u00e9v\u00e9nements de niveau<\/span> 1 suivants :<\/span><\/p>\n<ul>\n<li style=\"font-weight: 400;\" aria-level=\"1\"><span style=\"font-weight: 400;\">Jeux olympiques (hommes, femmes ou double mixte)<\/span><\/li>\n<li style=\"font-weight: 400;\" aria-level=\"1\"><span style=\"font-weight: 400;\">Championnat du monde (hommes, femmes ou double mixte)<\/span><\/li>\n<li style=\"font-weight: 400;\" aria-level=\"1\"><span style=\"font-weight: 400;\">Essais olympiques canadiens (hommes, femmes ou double mixte)*<\/span><\/li>\n<li style=\"font-weight: 400;\" aria-level=\"1\"><span style=\"font-weight: 400;\">Championnat canadien (hommes ou femmes)*<\/span><\/li>\n<li>Coupe Canada de curling *<\/li>\n<li style=\"font-weight: 400;\" aria-level=\"1\"><span style=\"font-weight: 400;\">\u00c9v\u00e9nement du Grand Chelem de curling (niveau 1 uniquement)<\/span><\/li>\n<\/ul>\n<p><span style=\"font-weight: 400;\">* Remarque: les candidats ayant particip\u00e9 \u00e0 des \u00e9v\u00e9nements comparables dans un autre pays seront pris en compte au cas par cas.\u00a0<\/span><\/td>\n<\/tr>\n<tr>\n<td><b>Parcours 2<\/b><\/td>\n<td><span style=\"font-weight: 400;\">Le candidat a particip\u00e9 en tant que joueur <span style=\"text-decoration: underline;\">ou<\/span> entra\u00eeneur \u00e0 au moins un des <span style=\"text-decoration: underline;\">\u00e9v\u00e9nements de niveau<\/span> 2 suivants et \u00e0 au moins 10 \u00e9v\u00e9nements comptant au SCC\u00c9\/SCC\u00c9DM :<\/span><\/p>\n<ul>\n<li style=\"font-weight: 400;\" aria-level=\"1\"><span style=\"font-weight: 400;\">Championnat du monde (junior, mixte ou senior)<\/span><\/li>\n<li style=\"font-weight: 400;\" aria-level=\"1\"><span style=\"font-weight: 400;\">Jeux de la FISU (ou titre du championnat U SPORTS)<\/span><\/li>\n<li style=\"font-weight: 400;\" aria-level=\"1\"><span style=\"font-weight: 400;\">Pr\u00e9-essais olympiques canadiens (hommes ou femmes) *<\/span><\/li>\n<li style=\"font-weight: 400;\" aria-level=\"1\"><span style=\"font-weight: 400;\">Championnat canadien (double mixte)<\/span><\/li>\n<li style=\"font-weight: 400;\" aria-level=\"1\"><span style=\"font-weight: 400;\">Invitation PointsBet\u00a0<\/span><\/li>\n<li style=\"font-weight: 400;\" aria-level=\"1\"><span style=\"font-weight: 400;\">Championnat provincial (hommes ou femmes)<\/span><\/li>\n<\/ul>\n<p><span style=\"font-weight: 400;\">*Remarque: les candidats qui r\u00e9pondent au crit\u00e8re de l&rsquo;\u00e9v\u00e9nement de niveau, 2 mais pas au crit\u00e8re des 10 \u00e9v\u00e9nement de niveau 2, mais pas au crit\u00e8re des 10 \u00e9v\u00e9nements comptant au SCCE\/SCC\u00c9DM, peuvent malgr\u00e9 tout se qualifier via le parcours 3<\/span><\/td>\n<\/tr>\n<tr>\n<td><b>Parcours 3<\/b><\/td>\n<td><span style=\"font-weight: 400;\">Le candidat a particip\u00e9 en tant que joueur <span style=\"text-decoration: underline;\">ou<\/span> <\/span><span style=\"font-weight: 400;\">entra\u00eeneur \u00e0 au moins des <span style=\"text-decoration: underline;\">\u00e9v\u00e9nements de niveau<\/span> 3 suivants et \u00e0 au moins 5 \u00e9v\u00e9nements comptant au SCC\u00c9\/SCC\u00c9DM :\u00a0<\/span><\/p>\n<ul>\n<li><span style=\"font-weight: 400;\">Championnat canadien (U-18, U-20\/junior, senior ou mixte)<\/span><\/li>\n<li><span style=\"font-weight: 400;\">Classique prochaine g\u00e9n\u00e9ration U-25 (hommes, femmes ou double mixte)\u00a0<\/span><\/li>\n<li style=\"font-weight: 400;\" aria-level=\"1\"><span style=\"font-weight: 400;\">Championnat U SPORTS<\/span><\/li>\n<li style=\"font-weight: 400;\" aria-level=\"1\"><span style=\"font-weight: 400;\">Championnat de l&rsquo;ACSC\u00a0<\/span><\/li>\n<li style=\"font-weight: 400;\" aria-level=\"1\"><span style=\"font-weight: 400;\">Jeux d&rsquo;hiver du Canada\u00a0<\/span><\/li>\n<li style=\"font-weight: 400;\" aria-level=\"1\"><span style=\"font-weight: 400;\">Championnat provincial de double mixte<\/span><\/li>\n<\/ul>\n<p><span style=\"font-weight: 400;\">Remarque: les candidats du parcours 3 doivent \u00e9galement obtenir le <span style=\"text-decoration: underline;\">certificat de l&rsquo;avantage comp\u00e9titif<\/span> de l&rsquo;APC.<\/span><\/td>\n<\/tr>\n<tr>\n<td><b>Parcours 4<\/b><\/td>\n<td><span style=\"font-weight: 400;\">Le candidat a termin\u00e9 l&rsquo;un des programmes de\u00a0<span style=\"text-decoration: underline;\">formation avanc\u00e9e des entra\u00eeneurs<\/span> suivants :<\/span><\/p>\n<ul>\n<li><span style=\"font-weight: 400;\">Comp\u00e9tition-D\u00e9veloppement de Curling Canada (certifi\u00e9)<\/span><\/li>\n<li><span style=\"font-weight: 400;\">Dipl\u00f4me d&rsquo;entra\u00eeneur avanc\u00e9 (curling)<\/span><\/li>\n<li><span style=\"font-weight: 400;\">Entra\u00eeneur professionnel agr\u00e9\u00e9 (curling)<\/span><\/li>\n<li><span style=\"font-weight: 400;\">Dipl\u00f4me universitaire en entra\u00eenement, kin\u00e9siologie, etc. *<\/span><\/li>\n<\/ul>\n<p><span style=\"font-weight: 400;\">*Doit \u00e9galement avoir particip\u00e9 en tant que joueur\u00a0<span style=\"text-decoration: underline;\">ou<\/span> entra\u00eeneur \u00e0 au moins 10 \u00e9v\u00e9nements comptant au SCC\u00c9\/SCC\u00c9DM\u00a0<span style=\"text-decoration: underline;\">ou<\/span> doit suivre le stage du centre national d&rsquo;entra\u00eenement et de d\u00e9veloppement.\u00a0<\/span><\/p>\n<p><span style=\"font-weight: 400;\">Remarque: les candidats du parcours 4 doivent \u00e9galement obtenir le\u00a0<span style=\"text-decoration: underline;\">certificat de l&rsquo;avantage comp\u00e9titif<\/span> de l&rsquo;APC.<\/span><\/td>\n<\/tr>\n<\/tbody>\n<tbody>\n<tr>\n<td><b>Parcours 5<\/b><\/td>\n<td><span style=\"font-weight: 400;\">Les candidats qui ne se qualifient pas via les parcours 1 \u00e0 4 doivent obtenir\u00a0<span style=\"text-decoration: underline;\">chacune<\/span> des\u00a0<span style=\"text-decoration: underline;\">\u00e9quivalences requises<\/span> suivants :<\/span><\/p>\n<ul>\n<li><span style=\"font-weight: 400;\">Entra\u00eeneur de comp\u00e9tition de Curling Canada (certifi\u00e9)<\/span><\/li>\n<li><span style=\"font-weight: 400;\">Stage du centre national d&rsquo;entra\u00eenement et de d\u00e9veloppement<\/span><\/li>\n<li><span style=\"font-weight: 400;\">25 heures d&rsquo;enseignement aux \u00e9tapes fondamentales<\/span><\/li>\n<li><span style=\"font-weight: 400;\">25 heures d&rsquo;enseignement dans le parcours r\u00e9cr\u00e9atif<\/span><\/li>\n<li><span style=\"font-weight: 400;\">Lettre d&rsquo;appui d&rsquo;un ma\u00eetre professionnel de l&rsquo;APC<\/span><\/li>\n<\/ul>\n<p><span style=\"font-weight: 400;\">Remarque: les candidats du parcours 5 doivent \u00e9galement obtenir le\u00a0<span style=\"text-decoration: underline;\">certificat de l&rsquo;avantage comp\u00e9titif<\/span> de l&rsquo;APC.<\/span><\/td>\n<\/tr>\n<\/tbody>\n<\/table>\n<p>[\/vc_column_text]\t<\/div>\n<\/div><h5 class=\"eltdf-accordion-title\">\n\t<span class=\"eltdf-tab-title\">Cours en ligne (novembre \u00e0 mars)<\/span>\n<\/h5>\n<div class=\"eltdf-accordion-content\">\n\t<div class=\"eltdf-accordion-content-inner\">\n\t\t[vc_column_text css=\u00a0\u00bb\u00a0\u00bb]<b>D\u00e9veloppement technique 2<\/b><\/p>\n<p><span style=\"font-weight: 400;\">Ce cours s&rsquo;appuie sur les informations en mati\u00e8re de lancer et de balayage pr\u00e9sent\u00e9es dans le cours D\u00e9veloppement technique 1. Les candidats acquerront une expertise technique pr\u00e9cieuse pour soutenir leur travail d&rsquo;enseignement aupr\u00e8s des curleurs de niveau expert \u00e0 avanc\u00e9. Instructeur : Rob Krepps.<\/span><\/p>\n<p>&nbsp;<\/p>\n<p><b>D\u00e9veloppement tactique 2<\/b><\/p>\n<p><span style=\"font-weight: 400;\">Ce cours s&rsquo;appuie sur les informations en mati\u00e8re de strat\u00e9gie et de tactiques pr\u00e9sent\u00e9es dans le cours Development tactique 1. Les candidats acquerront une expertise tactique pr\u00e9cieuse pour soutenir leur travail d&rsquo;enseignement aupr\u00e8s des curleurs de niveau expert \u00e0 avanc\u00e9. Instructeur : Rob Krepps.<\/span><\/p>\n<p>&nbsp;<\/p>\n<p><b>Enseignement et apprentissage de l&rsquo;APC<\/b><\/p>\n<p><span style=\"font-weight: 400;\">Ce cours commence par un examen de la pratique d\u00e9lib\u00e9r\u00e9e \u00e0 l&rsquo;aide du cadre SCORE. Les candidats apprendront ensuite la meilleure fa\u00e7on de dispenser des cours, des cliniques et des programmes \u00e0 des curleurs de niveau comp\u00e9tent \u00e0 avanc\u00e9.\u00a0<\/span><span style=\"font-weight: 400;\">Instructeur : Rob Krepps.<\/span><\/p>\n<p>&nbsp;<\/p>\n<p><b>Programmation du club 2<\/b><\/p>\n<p><span style=\"font-weight: 400;\">Ce cours s&rsquo;appuie sur les principes de programmation pr\u00e9sent\u00e9s dans le cours Programmation du club 1. Les candidats d\u00e9couvriront ensuite des pratiques exemplaires pour soutenir les curleurs des parcours Comp\u00e9titif et Voie d&rsquo;acc\u00e8s au podium de notre mod\u00e8le de DLTC.<\/span><span style=\"font-weight: 400;\">\u00a0Instructeur : Rob Krepps.<\/span><\/p>\n<p>&nbsp;<\/p>\n<p><b>Coordination du curling<\/b><\/p>\n<p><span style=\"font-weight: 400;\">Ce cours met l&rsquo;accent sur le bon fonctionnement des ligues, des \u00e9v\u00e9nements et des possibilit\u00e9s de formation. Les candidats apprendront \u00e0 planifier, organiser, diriger et \u00e9valuer ces offres de mani\u00e8re professionnelle.\u00a0<\/span><span style=\"font-weight: 400;\">Instructeurs : Bobby Ray et Rob Krepps.<\/span>[\/vc_column_text]\t<\/div>\n<\/div><h5 class=\"eltdf-accordion-title\">\n\t<span class=\"eltdf-tab-title\">Formation en personne (mars ou avril)<\/span>\n<\/h5>\n<div class=\"eltdf-accordion-content\">\n\t<div class=\"eltdf-accordion-content-inner\">\n\t\t[vc_column_text css=\u00a0\u00bb\u00a0\u00bb]<b>Camp de formation pour professionnels de l&rsquo;enseignement<\/b><\/p>\n<p><span style=\"font-weight: 400;\">Cette fin de semaine de formation de trois jours offre aux candidats l&rsquo;occasion d&rsquo;apprendre aupr\u00e8s de ma\u00eetres professionnels de l&rsquo;APC poss\u00e9dant une vaste exp\u00e9rience de la comp\u00e9tition et\/ou en enseignement.\u00a0<\/span><span style=\"font-weight: 400;\">Les candidats b\u00e9n\u00e9ficieront d&rsquo;exp\u00e9riences d&rsquo;apprentissage sur la glace et en classe. Instructeurs: Rob Krepps et Bobby Ray, ma\u00eetres professionnels de l&rsquo;APC<\/span><\/p>\n<p>&nbsp;<\/p>\n<p><b>Analyse des performances<\/b><\/p>\n<p style=\"font-weight: 400;\"><span style=\"font-weight: 400;\">Ce cours est dispens\u00e9 lors de notre fin de semaine de formation pour professionnels de l&rsquo;enseignement. Les candidats apprendront les principes et m\u00e9thodologies associ\u00e9s \u00e0 l&rsquo;analyse des performances techniques et tactiques, dans des environnements d&rsquo;entra\u00eenement et de comp\u00e9tition. Instructeur: Rob Krepps<\/span><\/p>\n<p>[\/vc_column_text]\t<\/div>\n<\/div><h5 class=\"eltdf-accordion-title\">\n\t<span class=\"eltdf-tab-title\">\u00c9valuation en ligne<\/span>\n<\/h5>\n<div class=\"eltdf-accordion-content\">\n\t<div class=\"eltdf-accordion-content-inner\">\n\t\t[vc_column_text css=\u00a0\u00bb\u00a0\u00bb]<b>Projet de portfolio 2\u00a0<\/b><\/p>\n<p><span style=\"font-weight: 400;\">Ce projet exige des candidats qu&rsquo;ils documentent les principaux enseignements et les applications attendues de l&rsquo;ensemble de la formation pour professionnels de l&rsquo;enseignement dans un portfolio d&rsquo;apprentissage en ligne. Le portfolio d&rsquo;apprentissage de chaque candidat est ensuite examin\u00e9 par un panel de trois ma\u00eetres professionnels de l&rsquo;APC.\u00a0<\/span><\/p>\n<p>&nbsp;<\/p>\n<p><b>Planification de carri\u00e8re<\/b><\/p>\n<p><span style=\"font-weight: 400;\">Cette \u00e9tape commence par la r\u00e9daction d&rsquo;un CV de professionnel de l&rsquo;enseignement et d&rsquo;un plan de carri\u00e8re initial et leur soumission \u00e0 un panel de trois ma\u00eetres professionnels de l&rsquo;APC. Les candidats recevront ensuite des conseils sur leurs soumissions dans le cadre d&rsquo;une r\u00e9union en ligne.\u00a0<\/span><\/p>\n<p>&nbsp;<\/p>\n<p><b>\u00c9valuation d\u2019une s\u00e9ance d\u2019entra\u00eenement du PNCE<\/b><\/p>\n<p><span style=\"font-weight: 400;\">Cette exigence s&rsquo;applique aux candidats qui ne poss\u00e8dent pas encore leur certification d&rsquo;entra\u00eeneur de comp\u00e9tition. Les candidats doivent soumettre des plans d\u00e9taill\u00e9s d&rsquo;entra\u00eenement et d&rsquo;intervention d&rsquo;urgence, suivis d&rsquo;une vid\u00e9o de la prestation de la s\u00e9ance d&rsquo;entra\u00eenement, pour r\u00e9troaction et \u00e9valuation.\u00a0<\/span>[\/vc_column_text]\t<\/div>\n<\/div><\/div>[vc_empty_space height=\u00a0\u00bb50px\u00a0\u00bb][\/vc_column][\/vc_row]<\/p>\n<\/div>","protected":false},"excerpt":{"rendered":"<p>[vc_row row_content_width=\u00a0\u00bbgrid\u00a0\u00bb][vc_column][vc_empty_space height=\u00a0\u00bb50px\u00a0\u00bb][vc_empty_space height=\u00a0\u00bb50px\u00a0\u00bb][\/vc_column][\/vc_row]<\/p>\n","protected":false},"author":1,"featured_media":0,"parent":0,"menu_order":0,"comment_status":"closed","ping_status":"closed","template":"full-width.php","meta":{"_bbp_topic_count":0,"_bbp_reply_count":0,"_bbp_total_topic_count":0,"_bbp_total_reply_count":0,"_bbp_voice_count":0,"_bbp_anonymous_reply_count":0,"_bbp_topic_count_hidden":0,"_bbp_reply_count_hidden":0,"_bbp_forum_subforum_count":0,"footnotes":""},"class_list":["post-3881","page","type-page","status-publish","hentry"],"yoast_head":"<!-- This site is optimized with the Yoast SEO plugin v27.2 - https:\/\/yoast.com\/product\/yoast-seo-wordpress\/ -->\n<title>Programme de la 2e ann\u00e9e (professionnel de l\u2019enseignement) - Curling Pro<\/title>\n<meta name=\"robots\" content=\"index, follow, max-snippet:-1, max-image-preview:large, max-video-preview:-1\" \/>\n<link rel=\"canonical\" href=\"http:\/\/curlingpro.ca\/fr\/programme-de-la-2e-annee-professionnel-de-lenseignement\/\" \/>\n<meta property=\"og:locale\" content=\"fr_FR\" \/>\n<meta property=\"og:type\" content=\"article\" \/>\n<meta property=\"og:title\" content=\"Programme de la 2e ann\u00e9e (professionnel de l\u2019enseignement) - Curling Pro\" \/>\n<meta property=\"og:description\" content=\"[vc_row row_content_width=\u00a0\u00bbgrid\u00a0\u00bb][vc_column][vc_empty_space height=\u00a0\u00bb50px\u00a0\u00bb][vc_empty_space height=\u00a0\u00bb50px\u00a0\u00bb][\/vc_column][\/vc_row]\" \/>\n<meta property=\"og:url\" content=\"http:\/\/curlingpro.ca\/fr\/programme-de-la-2e-annee-professionnel-de-lenseignement\/\" \/>\n<meta property=\"og:site_name\" content=\"Curling Pro\" \/>\n<meta property=\"article:publisher\" content=\"https:\/\/www.facebook.com\/curlingcanada\/\" \/>\n<meta property=\"article:modified_time\" content=\"2025-06-02T23:07:29+00:00\" \/>\n<meta property=\"og:image\" content=\"http:\/\/curlingpro.ca\/wp-content\/uploads\/2024\/04\/home_hero-1200x628-1.jpg\" \/>\n\t<meta property=\"og:image:width\" content=\"1200\" \/>\n\t<meta property=\"og:image:height\" content=\"628\" \/>\n\t<meta property=\"og:image:type\" content=\"image\/jpeg\" \/>\n<meta name=\"twitter:card\" content=\"summary_large_image\" \/>\n<meta name=\"twitter:label1\" content=\"Dur\u00e9e de lecture estim\u00e9e\" \/>\n\t<meta name=\"twitter:data1\" content=\"5 minutes\" \/>\n<script type=\"application\/ld+json\" class=\"yoast-schema-graph\">{\"@context\":\"https:\/\/schema.org\",\"@graph\":[{\"@type\":\"WebPage\",\"@id\":\"http:\/\/curlingpro.ca\/fr\/programme-de-la-2e-annee-professionnel-de-lenseignement\/\",\"url\":\"http:\/\/curlingpro.ca\/fr\/programme-de-la-2e-annee-professionnel-de-lenseignement\/\",\"name\":\"Programme de la 2e ann\u00e9e (professionnel de l\u2019enseignement) - Curling Pro\",\"isPartOf\":{\"@id\":\"https:\/\/curlingpro.ca\/#website\"},\"datePublished\":\"2023-10-11T18:50:23+00:00\",\"dateModified\":\"2025-06-02T23:07:29+00:00\",\"breadcrumb\":{\"@id\":\"http:\/\/curlingpro.ca\/fr\/programme-de-la-2e-annee-professionnel-de-lenseignement\/#breadcrumb\"},\"inLanguage\":\"fr-FR\",\"potentialAction\":[{\"@type\":\"ReadAction\",\"target\":[\"http:\/\/curlingpro.ca\/fr\/programme-de-la-2e-annee-professionnel-de-lenseignement\/\"]}]},{\"@type\":\"BreadcrumbList\",\"@id\":\"http:\/\/curlingpro.ca\/fr\/programme-de-la-2e-annee-professionnel-de-lenseignement\/#breadcrumb\",\"itemListElement\":[{\"@type\":\"ListItem\",\"position\":1,\"name\":\"Home\",\"item\":\"https:\/\/curlingpro.ca\/fr\/\"},{\"@type\":\"ListItem\",\"position\":2,\"name\":\"Programme de la 2e ann\u00e9e (professionnel de l\u2019enseignement)\"}]},{\"@type\":\"WebSite\",\"@id\":\"https:\/\/curlingpro.ca\/#website\",\"url\":\"https:\/\/curlingpro.ca\/\",\"name\":\"Curling Pro\",\"description\":\"Experts who are dedicated to advancing our sport\",\"publisher\":{\"@id\":\"https:\/\/curlingpro.ca\/#organization\"},\"potentialAction\":[{\"@type\":\"SearchAction\",\"target\":{\"@type\":\"EntryPoint\",\"urlTemplate\":\"https:\/\/curlingpro.ca\/?s={search_term_string}\"},\"query-input\":{\"@type\":\"PropertyValueSpecification\",\"valueRequired\":true,\"valueName\":\"search_term_string\"}}],\"inLanguage\":\"fr-FR\"},{\"@type\":\"Organization\",\"@id\":\"https:\/\/curlingpro.ca\/#organization\",\"name\":\"Curling Pro\",\"url\":\"https:\/\/curlingpro.ca\/\",\"logo\":{\"@type\":\"ImageObject\",\"inLanguage\":\"fr-FR\",\"@id\":\"https:\/\/curlingpro.ca\/#\/schema\/logo\/image\/\",\"url\":\"https:\/\/curlingpro.ca\/wp-content\/uploads\/2023\/10\/CC-ACP-FRENCH-logo-keyline-23.png\",\"contentUrl\":\"https:\/\/curlingpro.ca\/wp-content\/uploads\/2023\/10\/CC-ACP-FRENCH-logo-keyline-23.png\",\"width\":1000,\"height\":1000,\"caption\":\"Curling Pro\"},\"image\":{\"@id\":\"https:\/\/curlingpro.ca\/#\/schema\/logo\/image\/\"},\"sameAs\":[\"https:\/\/www.facebook.com\/curlingcanada\/\",\"https:\/\/www.youtube.com\/curlingcanada\",\"https:\/\/www.instagram.com\/curlingcanada\/\"]}]}<\/script>\n<!-- \/ Yoast SEO plugin. -->","yoast_head_json":{"title":"Programme de la 2e ann\u00e9e (professionnel de l\u2019enseignement) - Curling Pro","robots":{"index":"index","follow":"follow","max-snippet":"max-snippet:-1","max-image-preview":"max-image-preview:large","max-video-preview":"max-video-preview:-1"},"canonical":"http:\/\/curlingpro.ca\/fr\/programme-de-la-2e-annee-professionnel-de-lenseignement\/","og_locale":"fr_FR","og_type":"article","og_title":"Programme de la 2e ann\u00e9e (professionnel de l\u2019enseignement) - Curling Pro","og_description":"[vc_row row_content_width=\u00a0\u00bbgrid\u00a0\u00bb][vc_column][vc_empty_space height=\u00a0\u00bb50px\u00a0\u00bb][vc_empty_space height=\u00a0\u00bb50px\u00a0\u00bb][\/vc_column][\/vc_row]","og_url":"http:\/\/curlingpro.ca\/fr\/programme-de-la-2e-annee-professionnel-de-lenseignement\/","og_site_name":"Curling Pro","article_publisher":"https:\/\/www.facebook.com\/curlingcanada\/","article_modified_time":"2025-06-02T23:07:29+00:00","og_image":[{"width":1200,"height":628,"url":"http:\/\/curlingpro.ca\/wp-content\/uploads\/2024\/04\/home_hero-1200x628-1.jpg","type":"image\/jpeg"}],"twitter_card":"summary_large_image","twitter_misc":{"Dur\u00e9e de lecture estim\u00e9e":"5 minutes"},"schema":{"@context":"https:\/\/schema.org","@graph":[{"@type":"WebPage","@id":"http:\/\/curlingpro.ca\/fr\/programme-de-la-2e-annee-professionnel-de-lenseignement\/","url":"http:\/\/curlingpro.ca\/fr\/programme-de-la-2e-annee-professionnel-de-lenseignement\/","name":"Programme de la 2e ann\u00e9e (professionnel de l\u2019enseignement) - Curling Pro","isPartOf":{"@id":"https:\/\/curlingpro.ca\/#website"},"datePublished":"2023-10-11T18:50:23+00:00","dateModified":"2025-06-02T23:07:29+00:00","breadcrumb":{"@id":"http:\/\/curlingpro.ca\/fr\/programme-de-la-2e-annee-professionnel-de-lenseignement\/#breadcrumb"},"inLanguage":"fr-FR","potentialAction":[{"@type":"ReadAction","target":["http:\/\/curlingpro.ca\/fr\/programme-de-la-2e-annee-professionnel-de-lenseignement\/"]}]},{"@type":"BreadcrumbList","@id":"http:\/\/curlingpro.ca\/fr\/programme-de-la-2e-annee-professionnel-de-lenseignement\/#breadcrumb","itemListElement":[{"@type":"ListItem","position":1,"name":"Home","item":"https:\/\/curlingpro.ca\/fr\/"},{"@type":"ListItem","position":2,"name":"Programme de la 2e ann\u00e9e (professionnel de l\u2019enseignement)"}]},{"@type":"WebSite","@id":"https:\/\/curlingpro.ca\/#website","url":"https:\/\/curlingpro.ca\/","name":"Curling Pro","description":"Experts who are dedicated to advancing our sport","publisher":{"@id":"https:\/\/curlingpro.ca\/#organization"},"potentialAction":[{"@type":"SearchAction","target":{"@type":"EntryPoint","urlTemplate":"https:\/\/curlingpro.ca\/?s={search_term_string}"},"query-input":{"@type":"PropertyValueSpecification","valueRequired":true,"valueName":"search_term_string"}}],"inLanguage":"fr-FR"},{"@type":"Organization","@id":"https:\/\/curlingpro.ca\/#organization","name":"Curling Pro","url":"https:\/\/curlingpro.ca\/","logo":{"@type":"ImageObject","inLanguage":"fr-FR","@id":"https:\/\/curlingpro.ca\/#\/schema\/logo\/image\/","url":"https:\/\/curlingpro.ca\/wp-content\/uploads\/2023\/10\/CC-ACP-FRENCH-logo-keyline-23.png","contentUrl":"https:\/\/curlingpro.ca\/wp-content\/uploads\/2023\/10\/CC-ACP-FRENCH-logo-keyline-23.png","width":1000,"height":1000,"caption":"Curling Pro"},"image":{"@id":"https:\/\/curlingpro.ca\/#\/schema\/logo\/image\/"},"sameAs":["https:\/\/www.facebook.com\/curlingcanada\/","https:\/\/www.youtube.com\/curlingcanada","https:\/\/www.instagram.com\/curlingcanada\/"]}]}},"_links":{"self":[{"href":"http:\/\/curlingpro.ca\/fr\/wp-json\/wp\/v2\/pages\/3881","targetHints":{"allow":["GET"]}}],"collection":[{"href":"http:\/\/curlingpro.ca\/fr\/wp-json\/wp\/v2\/pages"}],"about":[{"href":"http:\/\/curlingpro.ca\/fr\/wp-json\/wp\/v2\/types\/page"}],"author":[{"embeddable":true,"href":"http:\/\/curlingpro.ca\/fr\/wp-json\/wp\/v2\/users\/1"}],"replies":[{"embeddable":true,"href":"http:\/\/curlingpro.ca\/fr\/wp-json\/wp\/v2\/comments?post=3881"}],"version-history":[{"count":5,"href":"http:\/\/curlingpro.ca\/fr\/wp-json\/wp\/v2\/pages\/3881\/revisions"}],"predecessor-version":[{"id":4350,"href":"http:\/\/curlingpro.ca\/fr\/wp-json\/wp\/v2\/pages\/3881\/revisions\/4350"}],"wp:attachment":[{"href":"http:\/\/curlingpro.ca\/fr\/wp-json\/wp\/v2\/media?parent=3881"}],"curies":[{"name":"wp","href":"https:\/\/api.w.org\/{rel}","templated":true}]}}