{"id":3901,"date":"2023-09-20T18:42:00","date_gmt":"2023-09-20T18:42:00","guid":{"rendered":"https:\/\/curlingpro.ca\/our-association\/"},"modified":"2025-06-12T21:43:11","modified_gmt":"2025-06-12T21:43:11","slug":"notre-association","status":"publish","type":"page","link":"http:\/\/curlingpro.ca\/fr\/notre-association\/","title":{"rendered":"Notre association"},"content":{"rendered":"<div class=\"wpb-content-wrapper\"><p>[vc_row row_content_width=\u00a0\u00bbgrid\u00a0\u00bb content_text_aligment=\u00a0\u00bbleft\u00a0\u00bb][vc_column][vc_empty_space height=\u00a0\u00bb50px\u00a0\u00bb][vc_column_text]<\/p>\n<h5 style=\"font-weight: 400;\">Nous croyons que chaque club de curling canadien aurait avantage \u00e0 embaucher au moins un professionnel de l\u2019APC et \u00e0 le placer au c\u0153ur de ses activit\u00e9s. Conform\u00e9ment \u00e0 cette conviction, notre mission est de \u00ab faire progresser le curling au niveau des clubs en formant, en d\u00e9veloppant et en soutenant les professionnels de l\u2019APC \u00bb.<\/h5>\n<h5 style=\"font-weight: 400;\">L&rsquo;APC est gracieusement financ\u00e9e par Curling Canada, mais elle est g\u00e9r\u00e9e par et pour ses membres. Nous sommes dirig\u00e9s par un comit\u00e9 consultatif, connu sous le nom de Groupe des fondateurs, qui est compos\u00e9 de 12 ma\u00eetres professionnels nomm\u00e9s provenant de partout au Canada. Nous avons \u00e9galement un bureau national, qui fait partie du Centre national d&rsquo;entra\u00eenement et de d\u00e9veloppement (CNED) de Curling Canada \u00e0 Edmonton.<\/h5>\n<p>[\/vc_column_text][vc_empty_space height=\u00a0\u00bb50px\u00a0\u00bb][\/vc_column][\/vc_row][vc_row][vc_column][vc_empty_space height=\u00a0\u00bb50px\u00a0\u00bb][vc_column_text]<\/p>\n<h3>Groupe des fondateurs de l\u2019APC<\/h3>\n<p>[\/vc_column_text][vc_empty_space][vc_row_inner][vc_column_inner width=\u00a0\u00bb1\/4&Prime;]<div class=\"eltdf-single-image-holder   \">\n\t<div class=\"eltdf-si-inner\" >\n\t\t\t\t\t\t\t\t\t<img loading=\"lazy\" decoding=\"async\" width=\"354\" height=\"425\" src=\"http:\/\/curlingpro.ca\/wp-content\/uploads\/2023\/10\/Jock-Tyre.jpg\" class=\"attachment-full size-full\" alt=\"\" srcset=\"http:\/\/curlingpro.ca\/wp-content\/uploads\/2023\/10\/Jock-Tyre.jpg 354w, http:\/\/curlingpro.ca\/wp-content\/uploads\/2023\/10\/Jock-Tyre-250x300.jpg 250w\" sizes=\"auto, (max-width: 354px) 100vw, 354px\" \/>\t\t\t\t\t\t<\/div>\n<\/div>\n[vc_column_text]<\/p>\n<h6 style=\"text-align: center;\"><span style=\"font-weight: 400;\">Jock Tyre<br \/>\nKelowna, C-B.<\/span><\/h6>\n<p>[\/vc_column_text][\/vc_column_inner][vc_column_inner width=\u00a0\u00bb1\/4&Prime;]<div class=\"eltdf-single-image-holder   \">\n\t<div class=\"eltdf-si-inner\" >\n\t\t\t\t\t\t\t\t\t<img loading=\"lazy\" decoding=\"async\" width=\"354\" height=\"425\" src=\"http:\/\/curlingpro.ca\/wp-content\/uploads\/2023\/10\/Dana-Ferguson.jpg\" class=\"attachment-full size-full\" alt=\"\" srcset=\"http:\/\/curlingpro.ca\/wp-content\/uploads\/2023\/10\/Dana-Ferguson.jpg 354w, http:\/\/curlingpro.ca\/wp-content\/uploads\/2023\/10\/Dana-Ferguson-250x300.jpg 250w\" sizes=\"auto, (max-width: 354px) 100vw, 354px\" \/>\t\t\t\t\t\t<\/div>\n<\/div>\n[vc_column_text]<\/p>\n<h6 style=\"text-align: center;\"><span style=\"font-weight: 400;\">Dana Ferguson<br \/>\nEdmonton, Alb.<br \/>\n<\/span><\/h6>\n<p>[\/vc_column_text][\/vc_column_inner][vc_column_inner width=\u00a0\u00bb1\/4&Prime;]<div class=\"eltdf-single-image-holder   \">\n\t<div class=\"eltdf-si-inner\" >\n\t\t\t\t\t\t\t\t\t<img loading=\"lazy\" decoding=\"async\" width=\"354\" height=\"425\" src=\"http:\/\/curlingpro.ca\/wp-content\/uploads\/2023\/11\/Paul-Webster.jpg\" class=\"attachment-full size-full\" alt=\"\" srcset=\"http:\/\/curlingpro.ca\/wp-content\/uploads\/2023\/11\/Paul-Webster.jpg 354w, http:\/\/curlingpro.ca\/wp-content\/uploads\/2023\/11\/Paul-Webster-250x300.jpg 250w\" sizes=\"auto, (max-width: 354px) 100vw, 354px\" \/>\t\t\t\t\t\t<\/div>\n<\/div>\n[vc_column_text]<\/p>\n<h6 style=\"text-align: center;\"><span style=\"font-weight: 400;\">Paul Webster<br \/>\nCalgary, Alb.<br \/>\n<\/span><\/h6>\n<p>[\/vc_column_text][\/vc_column_inner][vc_column_inner width=\u00a0\u00bb1\/4&Prime;]<div class=\"eltdf-single-image-holder   \">\n\t<div class=\"eltdf-si-inner\" >\n\t\t\t\t\t\t\t\t\t<img loading=\"lazy\" decoding=\"async\" width=\"354\" height=\"425\" src=\"http:\/\/curlingpro.ca\/wp-content\/uploads\/2023\/10\/Mike-Libbus.jpg\" class=\"attachment-full size-full\" alt=\"\" srcset=\"http:\/\/curlingpro.ca\/wp-content\/uploads\/2023\/10\/Mike-Libbus.jpg 354w, http:\/\/curlingpro.ca\/wp-content\/uploads\/2023\/10\/Mike-Libbus-250x300.jpg 250w\" sizes=\"auto, (max-width: 354px) 100vw, 354px\" \/>\t\t\t\t\t\t<\/div>\n<\/div>\n[vc_column_text]<\/p>\n<h6 style=\"text-align: center;\"><span style=\"font-weight: 400;\">Mike Libbus<br \/>\nOkotoks, Alb.<br \/>\n<\/span><\/h6>\n<p>[\/vc_column_text][\/vc_column_inner][\/vc_row_inner][vc_empty_space][vc_row_inner][vc_column_inner width=\u00a0\u00bb1\/4&Prime;]<div class=\"eltdf-single-image-holder   \">\n\t<div class=\"eltdf-si-inner\" >\n\t\t\t\t\t\t\t\t\t<img loading=\"lazy\" decoding=\"async\" width=\"354\" height=\"425\" src=\"http:\/\/curlingpro.ca\/wp-content\/uploads\/2023\/10\/Kory-Kohuch.jpg\" class=\"attachment-full size-full\" alt=\"\" srcset=\"http:\/\/curlingpro.ca\/wp-content\/uploads\/2023\/10\/Kory-Kohuch.jpg 354w, http:\/\/curlingpro.ca\/wp-content\/uploads\/2023\/10\/Kory-Kohuch-250x300.jpg 250w\" sizes=\"auto, (max-width: 354px) 100vw, 354px\" \/>\t\t\t\t\t\t<\/div>\n<\/div>\n[vc_column_text]<\/p>\n<h6 style=\"text-align: center;\"><span style=\"font-weight: 400;\">Kory Kohuch<br \/>\nSaskatoon, Sask.<br \/>\n<\/span><\/h6>\n<p>[\/vc_column_text][\/vc_column_inner][vc_column_inner width=\u00a0\u00bb1\/4&Prime;]<div class=\"eltdf-single-image-holder   \">\n\t<div class=\"eltdf-si-inner\" >\n\t\t\t\t\t\t\t\t\t<img loading=\"lazy\" decoding=\"async\" width=\"354\" height=\"425\" src=\"http:\/\/curlingpro.ca\/wp-content\/uploads\/2023\/10\/Kelsey-Rocque.jpg\" class=\"attachment-full size-full\" alt=\"\" srcset=\"http:\/\/curlingpro.ca\/wp-content\/uploads\/2023\/10\/Kelsey-Rocque.jpg 354w, http:\/\/curlingpro.ca\/wp-content\/uploads\/2023\/10\/Kelsey-Rocque-250x300.jpg 250w\" sizes=\"auto, (max-width: 354px) 100vw, 354px\" \/>\t\t\t\t\t\t<\/div>\n<\/div>\n[vc_column_text]<\/p>\n<h6 style=\"text-align: center;\"><span style=\"font-weight: 400;\">Kelsey Rocque<br \/>\nCarberry, Man.<br \/>\n<\/span><\/h6>\n<p>[\/vc_column_text][\/vc_column_inner][vc_column_inner width=\u00a0\u00bb1\/4&Prime;]<div class=\"eltdf-single-image-holder   \">\n\t<div class=\"eltdf-si-inner\" >\n\t\t\t\t\t\t\t\t\t<img loading=\"lazy\" decoding=\"async\" width=\"354\" height=\"425\" src=\"http:\/\/curlingpro.ca\/wp-content\/uploads\/2023\/10\/Graeme-McCarrel.jpg\" class=\"attachment-full size-full\" alt=\"\" srcset=\"http:\/\/curlingpro.ca\/wp-content\/uploads\/2023\/10\/Graeme-McCarrel.jpg 354w, http:\/\/curlingpro.ca\/wp-content\/uploads\/2023\/10\/Graeme-McCarrel-250x300.jpg 250w\" sizes=\"auto, (max-width: 354px) 100vw, 354px\" \/>\t\t\t\t\t\t<\/div>\n<\/div>\n[vc_column_text]<\/p>\n<h6 style=\"text-align: center;\"><span style=\"font-weight: 400;\">Graeme McCarrel<br \/>\nToronto, Ont.<br \/>\n<\/span><\/h6>\n<p>[\/vc_column_text][\/vc_column_inner][vc_column_inner width=\u00a0\u00bb1\/4&Prime;]<div class=\"eltdf-single-image-holder   \">\n\t<div class=\"eltdf-si-inner\" >\n\t\t\t\t\t\t\t\t\t<img loading=\"lazy\" decoding=\"async\" width=\"354\" height=\"425\" src=\"http:\/\/curlingpro.ca\/wp-content\/uploads\/2023\/10\/John-Epping.jpg\" class=\"attachment-full size-full\" alt=\"\" srcset=\"http:\/\/curlingpro.ca\/wp-content\/uploads\/2023\/10\/John-Epping.jpg 354w, http:\/\/curlingpro.ca\/wp-content\/uploads\/2023\/10\/John-Epping-250x300.jpg 250w\" sizes=\"auto, (max-width: 354px) 100vw, 354px\" \/>\t\t\t\t\t\t<\/div>\n<\/div>\n[vc_column_text]<\/p>\n<h6 style=\"text-align: center;\"><span style=\"font-weight: 400;\">John Epping<br \/>\nToronto, Ont.<br \/>\n<\/span><\/h6>\n<p>[\/vc_column_text][\/vc_column_inner][\/vc_row_inner][vc_empty_space height=\u00a0\u00bb50px\u00a0\u00bb][vc_row_inner][vc_column_inner width=\u00a0\u00bb1\/4&Prime;]<div class=\"eltdf-single-image-holder   \">\n\t<div class=\"eltdf-si-inner\" >\n\t\t\t\t\t\t\t\t\t<img loading=\"lazy\" decoding=\"async\" width=\"354\" height=\"425\" src=\"http:\/\/curlingpro.ca\/wp-content\/uploads\/2023\/10\/Abbie-Darnley.jpg\" class=\"attachment-full size-full\" alt=\"\" srcset=\"http:\/\/curlingpro.ca\/wp-content\/uploads\/2023\/10\/Abbie-Darnley.jpg 354w, http:\/\/curlingpro.ca\/wp-content\/uploads\/2023\/10\/Abbie-Darnley-250x300.jpg 250w\" sizes=\"auto, (max-width: 354px) 100vw, 354px\" \/>\t\t\t\t\t\t<\/div>\n<\/div>\n[vc_column_text]<\/p>\n<h6 style=\"text-align: center;\"><span style=\"font-weight: 400;\">Abbie Darnley<br \/>\nStroud, Ont.<br \/>\n<\/span><\/h6>\n<p>[\/vc_column_text][\/vc_column_inner][vc_column_inner width=\u00a0\u00bb1\/4&Prime;]<div class=\"eltdf-single-image-holder   \">\n\t<div class=\"eltdf-si-inner\" >\n\t\t\t\t\t\t\t\t\t<img loading=\"lazy\" decoding=\"async\" width=\"354\" height=\"425\" src=\"http:\/\/curlingpro.ca\/wp-content\/uploads\/2023\/10\/Lisa-Weagle.jpg\" class=\"attachment-full size-full\" alt=\"\" srcset=\"http:\/\/curlingpro.ca\/wp-content\/uploads\/2023\/10\/Lisa-Weagle.jpg 354w, http:\/\/curlingpro.ca\/wp-content\/uploads\/2023\/10\/Lisa-Weagle-250x300.jpg 250w\" sizes=\"auto, (max-width: 354px) 100vw, 354px\" \/>\t\t\t\t\t\t<\/div>\n<\/div>\n[vc_column_text]<\/p>\n<h6 style=\"text-align: center;\"><span style=\"font-weight: 400;\">Lisa Weagle<br \/>\nOttawa, Ont.<br \/>\n<\/span><\/h6>\n<p>[\/vc_column_text][\/vc_column_inner][vc_column_inner width=\u00a0\u00bb1\/4&Prime;]<div class=\"eltdf-single-image-holder   \">\n\t<div class=\"eltdf-si-inner\" >\n\t\t\t\t\t\t\t\t\t<img loading=\"lazy\" decoding=\"async\" width=\"354\" height=\"425\" src=\"http:\/\/curlingpro.ca\/wp-content\/uploads\/2023\/10\/Wayne-Tallon.jpg\" class=\"attachment-full size-full\" alt=\"\" srcset=\"http:\/\/curlingpro.ca\/wp-content\/uploads\/2023\/10\/Wayne-Tallon.jpg 354w, http:\/\/curlingpro.ca\/wp-content\/uploads\/2023\/10\/Wayne-Tallon-250x300.jpg 250w\" sizes=\"auto, (max-width: 354px) 100vw, 354px\" \/>\t\t\t\t\t\t<\/div>\n<\/div>\n[vc_column_text]<\/p>\n<h6 style=\"text-align: center;\"><span style=\"font-weight: 400;\">Wayne Tallon<br \/>\nFredericton, N.-B.<br \/>\n<\/span><\/h6>\n<p>[\/vc_column_text][\/vc_column_inner][vc_column_inner width=\u00a0\u00bb1\/4&Prime;]<div class=\"eltdf-single-image-holder   \">\n\t<div class=\"eltdf-si-inner\" >\n\t\t\t\t\t\t\t\t\t<img loading=\"lazy\" decoding=\"async\" width=\"354\" height=\"425\" src=\"http:\/\/curlingpro.ca\/wp-content\/uploads\/2023\/11\/Daryell-Nowlan.jpg\" class=\"attachment-full size-full\" alt=\"\" srcset=\"http:\/\/curlingpro.ca\/wp-content\/uploads\/2023\/11\/Daryell-Nowlan.jpg 354w, http:\/\/curlingpro.ca\/wp-content\/uploads\/2023\/11\/Daryell-Nowlan-250x300.jpg 250w\" sizes=\"auto, (max-width: 354px) 100vw, 354px\" \/>\t\t\t\t\t\t<\/div>\n<\/div>\n[vc_column_text]<\/p>\n<h6 style=\"text-align: center;\"><span style=\"font-weight: 400;\">Daryell Nowlan<br \/>\nMoncton, N.-B.<br \/>\n<\/span><\/h6>\n<p>[\/vc_column_text][\/vc_column_inner][\/vc_row_inner][\/vc_column][\/vc_row][vc_row][vc_column][vc_empty_space height=\u00a0\u00bb50px\u00a0\u00bb][vc_column_text]<\/p>\n<h3>Bureau national de l\u2019APC<\/h3>\n<p>[\/vc_column_text][vc_empty_space][vc_row_inner][vc_column_inner width=\u00a0\u00bb1\/4&Prime;]<div class=\"eltdf-single-image-holder   \">\n\t<div class=\"eltdf-si-inner\" >\n\t\t\t\t\t\t\t\t\t<img loading=\"lazy\" decoding=\"async\" width=\"354\" height=\"425\" src=\"http:\/\/curlingpro.ca\/wp-content\/uploads\/2023\/10\/Rob-Krepps.jpg\" class=\"attachment-full size-full\" alt=\"\" srcset=\"http:\/\/curlingpro.ca\/wp-content\/uploads\/2023\/10\/Rob-Krepps.jpg 354w, http:\/\/curlingpro.ca\/wp-content\/uploads\/2023\/10\/Rob-Krepps-250x300.jpg 250w\" sizes=\"auto, (max-width: 354px) 100vw, 354px\" \/>\t\t\t\t\t\t<\/div>\n<\/div>\n[vc_column_text]<\/p>\n<h6 style=\"text-align: center;\"><span style=\"font-weight: 400;\">Rob Krepps<br \/>\nDirecteur ex\u00e9cutif<br \/>\n<\/span><\/h6>\n<p>[\/vc_column_text][\/vc_column_inner][vc_column_inner width=\u00a0\u00bb1\/4&Prime;]<div class=\"eltdf-single-image-holder   \">\n\t<div class=\"eltdf-si-inner\" >\n\t\t\t\t\t\t\t\t\t<img loading=\"lazy\" decoding=\"async\" width=\"708\" height=\"850\" src=\"http:\/\/curlingpro.ca\/wp-content\/uploads\/2025\/06\/bobbyacp-060325.png\" class=\"attachment-full size-full\" alt=\"\" srcset=\"http:\/\/curlingpro.ca\/wp-content\/uploads\/2025\/06\/bobbyacp-060325.png 708w, http:\/\/curlingpro.ca\/wp-content\/uploads\/2025\/06\/bobbyacp-060325-250x300.png 250w, http:\/\/curlingpro.ca\/wp-content\/uploads\/2025\/06\/bobbyacp-060325-600x720.png 600w\" sizes=\"auto, (max-width: 708px) 100vw, 708px\" \/>\t\t\t\t\t\t<\/div>\n<\/div>\n[vc_column_text]<\/p>\n<h6 style=\"text-align: center;\"><span style=\"font-weight: 400;\">Bobby Ray<br \/>\nCurling Canada<br \/>\n<\/span><\/h6>\n<p>[\/vc_column_text][\/vc_column_inner][vc_column_inner width=\u00a0\u00bb1\/4&Prime;][\/vc_column_inner][\/vc_row_inner][vc_empty_space height=\u00a0\u00bb50px\u00a0\u00bb][\/vc_column][\/vc_row]<\/p>\n<\/div>","protected":false},"excerpt":{"rendered":"<p>[vc_row row_content_width=\u00a0\u00bbgrid\u00a0\u00bb content_text_aligment=\u00a0\u00bbleft\u00a0\u00bb][vc_column][vc_empty_space height=\u00a0\u00bb50px\u00a0\u00bb][vc_column_text] Nous croyons que chaque club de curling canadien aurait avantage \u00e0 embaucher au moins un professionnel de l\u2019APC et \u00e0 le placer au c\u0153ur de ses activit\u00e9s. Conform\u00e9ment \u00e0 cette conviction, notre mission est de \u00ab faire progresser le curling au niveau des clubs en formant, en d\u00e9veloppant et en soutenant les [&hellip;]<\/p>\n","protected":false},"author":1,"featured_media":0,"parent":0,"menu_order":0,"comment_status":"closed","ping_status":"closed","template":"","meta":{"_bbp_topic_count":0,"_bbp_reply_count":0,"_bbp_total_topic_count":0,"_bbp_total_reply_count":0,"_bbp_voice_count":0,"_bbp_anonymous_reply_count":0,"_bbp_topic_count_hidden":0,"_bbp_reply_count_hidden":0,"_bbp_forum_subforum_count":0,"footnotes":""},"class_list":["post-3901","page","type-page","status-publish","hentry"],"yoast_head":"<!-- This site is optimized with the Yoast SEO plugin v27.2 - https:\/\/yoast.com\/product\/yoast-seo-wordpress\/ -->\n<title>Notre association - Curling Pro<\/title>\n<meta name=\"robots\" content=\"index, follow, max-snippet:-1, max-image-preview:large, max-video-preview:-1\" \/>\n<link rel=\"canonical\" href=\"https:\/\/curlingpro.ca\/fr\/notre-association\/\" \/>\n<meta property=\"og:locale\" content=\"fr_FR\" \/>\n<meta property=\"og:type\" content=\"article\" \/>\n<meta property=\"og:title\" content=\"Notre association - Curling Pro\" \/>\n<meta property=\"og:description\" content=\"[vc_row row_content_width=\u00a0\u00bbgrid\u00a0\u00bb content_text_aligment=\u00a0\u00bbleft\u00a0\u00bb][vc_column][vc_empty_space height=\u00a0\u00bb50px\u00a0\u00bb][vc_column_text] Nous croyons que chaque club de curling canadien aurait avantage \u00e0 embaucher au moins un professionnel de l\u2019APC et \u00e0 le placer au c\u0153ur de ses activit\u00e9s. Conform\u00e9ment \u00e0 cette conviction, notre mission est de \u00ab faire progresser le curling au niveau des clubs en formant, en d\u00e9veloppant et en soutenant les [&hellip;]\" \/>\n<meta property=\"og:url\" content=\"https:\/\/curlingpro.ca\/fr\/notre-association\/\" \/>\n<meta property=\"og:site_name\" content=\"Curling Pro\" \/>\n<meta property=\"article:publisher\" content=\"https:\/\/www.facebook.com\/curlingcanada\/\" \/>\n<meta property=\"article:modified_time\" content=\"2025-06-12T21:43:11+00:00\" \/>\n<meta property=\"og:image\" content=\"http:\/\/curlingpro.ca\/wp-content\/uploads\/2024\/04\/home_hero-1200x628-1.jpg\" \/>\n\t<meta property=\"og:image:width\" content=\"1200\" \/>\n\t<meta property=\"og:image:height\" content=\"628\" \/>\n\t<meta property=\"og:image:type\" content=\"image\/jpeg\" \/>\n<meta name=\"twitter:card\" content=\"summary_large_image\" \/>\n<meta name=\"twitter:label1\" content=\"Dur\u00e9e de lecture estim\u00e9e\" \/>\n\t<meta name=\"twitter:data1\" content=\"5 minutes\" \/>\n<script type=\"application\/ld+json\" class=\"yoast-schema-graph\">{\"@context\":\"https:\/\/schema.org\",\"@graph\":[{\"@type\":\"WebPage\",\"@id\":\"https:\/\/curlingpro.ca\/fr\/notre-association\/\",\"url\":\"https:\/\/curlingpro.ca\/fr\/notre-association\/\",\"name\":\"Notre association - Curling Pro\",\"isPartOf\":{\"@id\":\"https:\/\/curlingpro.ca\/#website\"},\"datePublished\":\"2023-09-20T18:42:00+00:00\",\"dateModified\":\"2025-06-12T21:43:11+00:00\",\"breadcrumb\":{\"@id\":\"https:\/\/curlingpro.ca\/fr\/notre-association\/#breadcrumb\"},\"inLanguage\":\"fr-FR\",\"potentialAction\":[{\"@type\":\"ReadAction\",\"target\":[\"https:\/\/curlingpro.ca\/fr\/notre-association\/\"]}]},{\"@type\":\"BreadcrumbList\",\"@id\":\"https:\/\/curlingpro.ca\/fr\/notre-association\/#breadcrumb\",\"itemListElement\":[{\"@type\":\"ListItem\",\"position\":1,\"name\":\"Home\",\"item\":\"https:\/\/curlingpro.ca\/fr\/\"},{\"@type\":\"ListItem\",\"position\":2,\"name\":\"Notre association\"}]},{\"@type\":\"WebSite\",\"@id\":\"https:\/\/curlingpro.ca\/#website\",\"url\":\"https:\/\/curlingpro.ca\/\",\"name\":\"Curling Pro\",\"description\":\"Experts who are dedicated to advancing our sport\",\"publisher\":{\"@id\":\"https:\/\/curlingpro.ca\/#organization\"},\"potentialAction\":[{\"@type\":\"SearchAction\",\"target\":{\"@type\":\"EntryPoint\",\"urlTemplate\":\"https:\/\/curlingpro.ca\/?s={search_term_string}\"},\"query-input\":{\"@type\":\"PropertyValueSpecification\",\"valueRequired\":true,\"valueName\":\"search_term_string\"}}],\"inLanguage\":\"fr-FR\"},{\"@type\":\"Organization\",\"@id\":\"https:\/\/curlingpro.ca\/#organization\",\"name\":\"Curling Pro\",\"url\":\"https:\/\/curlingpro.ca\/\",\"logo\":{\"@type\":\"ImageObject\",\"inLanguage\":\"fr-FR\",\"@id\":\"https:\/\/curlingpro.ca\/#\/schema\/logo\/image\/\",\"url\":\"https:\/\/curlingpro.ca\/wp-content\/uploads\/2023\/10\/CC-ACP-FRENCH-logo-keyline-23.png\",\"contentUrl\":\"https:\/\/curlingpro.ca\/wp-content\/uploads\/2023\/10\/CC-ACP-FRENCH-logo-keyline-23.png\",\"width\":1000,\"height\":1000,\"caption\":\"Curling Pro\"},\"image\":{\"@id\":\"https:\/\/curlingpro.ca\/#\/schema\/logo\/image\/\"},\"sameAs\":[\"https:\/\/www.facebook.com\/curlingcanada\/\",\"https:\/\/www.youtube.com\/curlingcanada\",\"https:\/\/www.instagram.com\/curlingcanada\/\"]}]}<\/script>\n<!-- \/ Yoast SEO plugin. -->","yoast_head_json":{"title":"Notre association - Curling Pro","robots":{"index":"index","follow":"follow","max-snippet":"max-snippet:-1","max-image-preview":"max-image-preview:large","max-video-preview":"max-video-preview:-1"},"canonical":"https:\/\/curlingpro.ca\/fr\/notre-association\/","og_locale":"fr_FR","og_type":"article","og_title":"Notre association - Curling Pro","og_description":"[vc_row row_content_width=\u00a0\u00bbgrid\u00a0\u00bb content_text_aligment=\u00a0\u00bbleft\u00a0\u00bb][vc_column][vc_empty_space height=\u00a0\u00bb50px\u00a0\u00bb][vc_column_text] Nous croyons que chaque club de curling canadien aurait avantage \u00e0 embaucher au moins un professionnel de l\u2019APC et \u00e0 le placer au c\u0153ur de ses activit\u00e9s. Conform\u00e9ment \u00e0 cette conviction, notre mission est de \u00ab faire progresser le curling au niveau des clubs en formant, en d\u00e9veloppant et en soutenant les [&hellip;]","og_url":"https:\/\/curlingpro.ca\/fr\/notre-association\/","og_site_name":"Curling Pro","article_publisher":"https:\/\/www.facebook.com\/curlingcanada\/","article_modified_time":"2025-06-12T21:43:11+00:00","og_image":[{"width":1200,"height":628,"url":"http:\/\/curlingpro.ca\/wp-content\/uploads\/2024\/04\/home_hero-1200x628-1.jpg","type":"image\/jpeg"}],"twitter_card":"summary_large_image","twitter_misc":{"Dur\u00e9e de lecture estim\u00e9e":"5 minutes"},"schema":{"@context":"https:\/\/schema.org","@graph":[{"@type":"WebPage","@id":"https:\/\/curlingpro.ca\/fr\/notre-association\/","url":"https:\/\/curlingpro.ca\/fr\/notre-association\/","name":"Notre association - Curling Pro","isPartOf":{"@id":"https:\/\/curlingpro.ca\/#website"},"datePublished":"2023-09-20T18:42:00+00:00","dateModified":"2025-06-12T21:43:11+00:00","breadcrumb":{"@id":"https:\/\/curlingpro.ca\/fr\/notre-association\/#breadcrumb"},"inLanguage":"fr-FR","potentialAction":[{"@type":"ReadAction","target":["https:\/\/curlingpro.ca\/fr\/notre-association\/"]}]},{"@type":"BreadcrumbList","@id":"https:\/\/curlingpro.ca\/fr\/notre-association\/#breadcrumb","itemListElement":[{"@type":"ListItem","position":1,"name":"Home","item":"https:\/\/curlingpro.ca\/fr\/"},{"@type":"ListItem","position":2,"name":"Notre association"}]},{"@type":"WebSite","@id":"https:\/\/curlingpro.ca\/#website","url":"https:\/\/curlingpro.ca\/","name":"Curling Pro","description":"Experts who are dedicated to advancing our sport","publisher":{"@id":"https:\/\/curlingpro.ca\/#organization"},"potentialAction":[{"@type":"SearchAction","target":{"@type":"EntryPoint","urlTemplate":"https:\/\/curlingpro.ca\/?s={search_term_string}"},"query-input":{"@type":"PropertyValueSpecification","valueRequired":true,"valueName":"search_term_string"}}],"inLanguage":"fr-FR"},{"@type":"Organization","@id":"https:\/\/curlingpro.ca\/#organization","name":"Curling Pro","url":"https:\/\/curlingpro.ca\/","logo":{"@type":"ImageObject","inLanguage":"fr-FR","@id":"https:\/\/curlingpro.ca\/#\/schema\/logo\/image\/","url":"https:\/\/curlingpro.ca\/wp-content\/uploads\/2023\/10\/CC-ACP-FRENCH-logo-keyline-23.png","contentUrl":"https:\/\/curlingpro.ca\/wp-content\/uploads\/2023\/10\/CC-ACP-FRENCH-logo-keyline-23.png","width":1000,"height":1000,"caption":"Curling Pro"},"image":{"@id":"https:\/\/curlingpro.ca\/#\/schema\/logo\/image\/"},"sameAs":["https:\/\/www.facebook.com\/curlingcanada\/","https:\/\/www.youtube.com\/curlingcanada","https:\/\/www.instagram.com\/curlingcanada\/"]}]}},"_links":{"self":[{"href":"http:\/\/curlingpro.ca\/fr\/wp-json\/wp\/v2\/pages\/3901","targetHints":{"allow":["GET"]}}],"collection":[{"href":"http:\/\/curlingpro.ca\/fr\/wp-json\/wp\/v2\/pages"}],"about":[{"href":"http:\/\/curlingpro.ca\/fr\/wp-json\/wp\/v2\/types\/page"}],"author":[{"embeddable":true,"href":"http:\/\/curlingpro.ca\/fr\/wp-json\/wp\/v2\/users\/1"}],"replies":[{"embeddable":true,"href":"http:\/\/curlingpro.ca\/fr\/wp-json\/wp\/v2\/comments?post=3901"}],"version-history":[{"count":5,"href":"http:\/\/curlingpro.ca\/fr\/wp-json\/wp\/v2\/pages\/3901\/revisions"}],"predecessor-version":[{"id":4477,"href":"http:\/\/curlingpro.ca\/fr\/wp-json\/wp\/v2\/pages\/3901\/revisions\/4477"}],"wp:attachment":[{"href":"http:\/\/curlingpro.ca\/fr\/wp-json\/wp\/v2\/media?parent=3901"}],"curies":[{"name":"wp","href":"https:\/\/api.w.org\/{rel}","templated":true}]}}